{"id":95,"date":"2024-08-19T15:59:19","date_gmt":"2024-08-19T13:59:19","guid":{"rendered":"https:\/\/www.sclerodermie.net\/?page_id=95"},"modified":"2024-08-19T15:59:19","modified_gmt":"2024-08-19T13:59:19","slug":"la-reeducation-du-visage","status":"publish","type":"page","link":"https:\/\/www.sclerodermie.net\/index.php\/la-reeducation-du-visage\/","title":{"rendered":"La r\u00e9\u00e9ducation du visage"},"content":{"rendered":"\n<p><strong>La r\u00e9\u00e9ducation du visage<\/strong><\/p>\n\n\n\n<p><em>P<\/em><em>ar Alexandra Roren, Josette Bertheau et Camille Daste)<\/em><\/p>\n\n\n\n<p>L\u2019atteinte scl\u00e9reuse du cou et de la face engendre des probl\u00e8mes fonctionnels. Les fonctions de mastication, de d\u00e9glutition, de prononciation et d\u2019\u00e9locution sont g\u00ean\u00e9es par la scl\u00e9rose de la muqueuse buccale, par le syndrome sec (absence de salive) et par la diminution de l\u2019ouverture de la bouche; la st\u00e9nose du cou qui diminue la mobilit\u00e9 de la langue, majore ces troubles. L\u2019atteinte scl\u00e9reuse de la face modifie \u00e9galement l\u2019aspect du visage et son expressivit\u00e9, en cela elle affecte la dimension sociale de l\u2019individu.&nbsp;<\/p>\n\n\n\n<p>L\u2019atteinte scl\u00e9reuse du cou et de la face n\u00e9cessite une prise en charge sp\u00e9cialis\u00e9e comprenant&nbsp;:&nbsp;<\/p>\n\n\n\n<ul class=\"wp-block-list\">\n<li>La kin\u00e9sith\u00e9rapie maxillo-faciale,\u00a0<\/li>\n\n\n\n<li>La m\u00e9canoth\u00e9rapie pour corriger la r\u00e9traction des l\u00e8vres et am\u00e9liorer la mobilit\u00e9 de la m\u00e2choire inf\u00e9rieure (mandibule) et de la langue<\/li>\n\n\n\n<li>L\u2019orthophonie qui associe la mobilisation de la langue et de la m\u00e2choire et qui fait travailler la mastication, la d\u00e9glutition et la phonation, les exercices de souffle et la relaxation,\u00a0<\/li>\n<\/ul>\n\n\n\n<p>La kin\u00e9sith\u00e9rapie maxillo faciale associe les techniques de&nbsp;:<\/p>\n\n\n\n<ul class=\"wp-block-list\">\n<li>Massage-mobilisation et automassage<\/li>\n\n\n\n<li><img decoding=\"async\" width=\"208\" height=\"176\" src=\"https:\/\/lh7-rt.googleusercontent.com\/docsz\/AD_4nXdyS_s2A2YXLWVI9GcYy6N_UpFH9GE6j9mqdhVEnc1Ym7RUWrnUSToV1rob9kk4ZElBtDXDGO2M9IoTdWbZ6gojWs-w5sKE937qso1Aiq1wHzc6j23qChtCn7nYY6XGgSugsfSWEPTR-C1xG2iEmzw5egyCBEAjGsEsD47cN6Lh_Z7Y1FsJZw?key=6b4TCbYC-ng9dFr8LgDERw\"><img decoding=\"async\" width=\"208\" height=\"176\" src=\"https:\/\/lh7-rt.googleusercontent.com\/docsz\/AD_4nXc7qMBDGdnUoIxU4h_EuPVcVG-07Py4FVeAyM2lf5Sbx2lJuR_DCn69bwhxxX2uSN3ogSREGFpM0teL2lYv4nLD0AMrwMTEQSQv-Px6yr-2yHGauS4XTPxhXgHlplRpY_mZxKsusbL_qQH53TkBIXj-hhzeiAZ5GMMA3tAnJUv_Dkkbxl96ag?key=6b4TCbYC-ng9dFr8LgDERw\"><\/li>\n<\/ul>\n\n\n\n<ul class=\"wp-block-list\">\n<li>Travail de l\u2019expressivit\u00e9<\/li>\n<\/ul>\n\n\n\n<p><img decoding=\"async\" src=\"https:\/\/lh7-rt.googleusercontent.com\/docsz\/AD_4nXfhBNtvP3VLMTXV1EZqq28kcLGSV8MZZ-sMWhjYTuYpXnhsfX5oxl_ihxkvT48Gz1mRK8LIM46Huz7CQvleFs44fmVyAjQBOFqUihRjN4kj7JcI1y7lhO0khrdf7MtCS1VzqkECepDmjGi-hoLOT2ryW9GfRqAZAgNpkCjj3L7sgYoRpV8nD_w?key=6b4TCbYC-ng9dFr8LgDERw\" width=\"248\" height=\"147\"><img loading=\"lazy\" decoding=\"async\" src=\"https:\/\/lh7-rt.googleusercontent.com\/docsz\/AD_4nXfpQAdh6jF2kExv3PMSimwcNbLTS04-ZYF_T43w7XunU25bi94piYjpepgf8Pe-5p-FpmqaNYlEq8SZXUCKBvA6QzKlaFCv6t3OhGxkjOpjRzoqy_Vqrw7VGgsTW4kINCtivvEBo0ugKKBSWWyOEt8q6p79SP6lqdW0oZVD3Npz8Zyrn9NkTio?key=6b4TCbYC-ng9dFr8LgDERw\" width=\"248\" height=\"147\"><\/p>\n\n\n\n<p>Les exercices de kin\u00e9sith\u00e9rapie et d\u2019orthophonie sont \u00e0 r\u00e9p\u00e9ter tous les jours pour un maximum d\u2019efficacit\u00e9.<\/p>\n","protected":false},"excerpt":{"rendered":"<p>La r\u00e9\u00e9ducation du visage Par Alexandra Roren, Josette Bertheau et Camille Daste) L\u2019atteinte scl\u00e9reuse du cou et de la face engendre des probl\u00e8mes fonctionnels. Les fonctions de mastication, de d\u00e9glutition, [&hellip;]<\/p>\n","protected":false},"author":1,"featured_media":0,"parent":0,"menu_order":0,"comment_status":"closed","ping_status":"closed","template":"","meta":{"ngg_post_thumbnail":0,"footnotes":""},"class_list":["post-95","page","type-page","status-publish","hentry","entry"],"_links":{"self":[{"href":"https:\/\/www.sclerodermie.net\/index.php\/wp-json\/wp\/v2\/pages\/95","targetHints":{"allow":["GET"]}}],"collection":[{"href":"https:\/\/www.sclerodermie.net\/index.php\/wp-json\/wp\/v2\/pages"}],"about":[{"href":"https:\/\/www.sclerodermie.net\/index.php\/wp-json\/wp\/v2\/types\/page"}],"author":[{"embeddable":true,"href":"https:\/\/www.sclerodermie.net\/index.php\/wp-json\/wp\/v2\/users\/1"}],"replies":[{"embeddable":true,"href":"https:\/\/www.sclerodermie.net\/index.php\/wp-json\/wp\/v2\/comments?post=95"}],"version-history":[{"count":1,"href":"https:\/\/www.sclerodermie.net\/index.php\/wp-json\/wp\/v2\/pages\/95\/revisions"}],"predecessor-version":[{"id":96,"href":"https:\/\/www.sclerodermie.net\/index.php\/wp-json\/wp\/v2\/pages\/95\/revisions\/96"}],"wp:attachment":[{"href":"https:\/\/www.sclerodermie.net\/index.php\/wp-json\/wp\/v2\/media?parent=95"}],"curies":[{"name":"wp","href":"https:\/\/api.w.org\/{rel}","templated":true}]}}