{"id":121,"date":"2024-09-06T14:42:27","date_gmt":"2024-09-06T12:42:27","guid":{"rendered":"https:\/\/www.sclerodermie.net\/?page_id=121"},"modified":"2024-10-04T10:39:31","modified_gmt":"2024-10-04T08:39:31","slug":"lequipe","status":"publish","type":"page","link":"https:\/\/www.sclerodermie.net\/index.php\/lequipe\/","title":{"rendered":"L&rsquo;\u00e9quipe"},"content":{"rendered":"\n<p>Les membres du GFRS :<\/p>\n\n\n\n<div class=\"tmm tmm_gfrs\"><div class=\"tmm_3_columns tmm_wrap tmm_plugin_f\"><span class=\"tmm_two_containers_tablet\"><\/span><div class=\"tmm_container\"><div class=\"tmm_member\" style=\"border-top:#333333 solid 5px;\"><div class=\"tmm_photo tmm_pic_gfrs_0\" style=\"background: url(https:\/\/www.sclerodermie.net\/wp-content\/uploads\/2024\/09\/David-Launay-scaled.jpg); margin-left: auto; margin-right:auto; background-size:cover !important;\"><\/div><div class=\"tmm_textblock\"><div class=\"tmm_names\"><span class=\"tmm_fname\">Pr David<\/span> <span class=\"tmm_lname\">Launay<\/span><\/div><div class=\"tmm_job\">Pr\u00e9sident du GFRS<\/div><div class=\"tmm_desc\" style=\"text-align:\"><p><strong>Interniste <\/strong>CHU Lille<\/p><\/div><div class=\"tmm_scblock\"><\/div><\/div><\/div><div class=\"tmm_member\" style=\"border-top:#333333 solid 5px;\"><div class=\"tmm_photo tmm_pic_gfrs_1\" style=\"background: url(https:\/\/www.sclerodermie.net\/wp-content\/uploads\/2024\/09\/IMG_5269-scaled.jpg); margin-left: auto; margin-right:auto; background-size:cover !important;\"><\/div><div class=\"tmm_textblock\"><div class=\"tmm_names\"><span class=\"tmm_fname\">Dr Benjamin<\/span> <span class=\"tmm_lname\">Chaigne<\/span><\/div><div class=\"tmm_job\">Vice pr\u00e9sident<\/div><div class=\"tmm_desc\" style=\"text-align:\"><p><strong>Interniste<\/strong> APHP Paris<\/p><\/div><div class=\"tmm_scblock\"><\/div><\/div><\/div><span class=\"tmm_two_containers_tablet\"><\/span><div class=\"tmm_member\" style=\"border-top:#333333 solid 5px;\"><div class=\"tmm_photo tmm_pic_gfrs_2\" style=\"background: url(https:\/\/www.sclerodermie.net\/wp-content\/uploads\/2024\/09\/Clovis-Foguem.jpg); margin-left: auto; margin-right:auto; background-size:cover !important;\"><\/div><div class=\"tmm_textblock\"><div class=\"tmm_names\"><span class=\"tmm_fname\">Dr Clovis<\/span> <span class=\"tmm_lname\">Foguem<\/span><\/div><div class=\"tmm_job\">Secr\u00e9taire<\/div><div class=\"tmm_desc\" style=\"text-align:\"><p><strong>Interniste<\/strong> CH Epernay<\/p><\/div><div class=\"tmm_scblock\"><\/div><\/div><\/div><\/div><span class=\"tmm_columns_containers_desktop\"><\/span><div class=\"tmm_container\"><div class=\"tmm_member\" style=\"border-top:#333333 solid 5px;\"><div class=\"tmm_photo tmm_pic_gfrs_3\" style=\"background: url(https:\/\/www.sclerodermie.net\/wp-content\/uploads\/2024\/09\/Seibastien-RIVIERE-scaled.jpg); margin-left: auto; margin-right:auto; background-size:cover !important;\"><\/div><div class=\"tmm_textblock\"><div class=\"tmm_names\"><span class=\"tmm_fname\">Dr S\u00e9bastien<\/span> <span class=\"tmm_lname\">Rivi\u00e8re<\/span><\/div><div class=\"tmm_job\">Secr\u00e9taire<\/div><div class=\"tmm_desc\" style=\"text-align:\"><p><strong>Interniste<\/strong> APHP<\/p><\/div><div class=\"tmm_scblock\"><\/div><\/div><\/div><span class=\"tmm_two_containers_tablet\"><\/span><div class=\"tmm_member\" style=\"border-top:#333333 solid 5px;\"><div class=\"tmm_photo tmm_pic_gfrs_4\" style=\"background: url(https:\/\/www.sclerodermie.net\/wp-content\/uploads\/2024\/09\/photo-Claire-scaled.jpg); margin-left: auto; margin-right:auto; background-size:cover !important;\"><\/div><div class=\"tmm_textblock\"><div class=\"tmm_names\"><span class=\"tmm_fname\">Pr Claire<\/span> <span class=\"tmm_lname\">de Moreuil<\/span><\/div><div class=\"tmm_job\">Tr\u00e9sori\u00e8re<\/div><div class=\"tmm_desc\" style=\"text-align:\"><p><strong>Interniste<\/strong> CHU Brest<\/p><\/div><div class=\"tmm_scblock\"><\/div><\/div><\/div><div class=\"tmm_member\" style=\"border-top:#333333 solid 5px;\"><div class=\"tmm_photo tmm_pic_gfrs_5\" style=\"background: url(https:\/\/www.sclerodermie.net\/wp-content\/uploads\/2024\/09\/Photo_Potrait_-Pr-Amelie-SERVETTAZ_-IMG_6516-rotated.jpeg); margin-left: auto; margin-right:auto; background-size:cover !important;\"><\/div><div class=\"tmm_textblock\"><div class=\"tmm_names\"><span class=\"tmm_fname\">Dr Am\u00e9lie<\/span> <span class=\"tmm_lname\">Servettaz<\/span><\/div><div class=\"tmm_job\">Pr\u00e9sidente du Conseil scientifique et membre du CA du GFRS<\/div><div class=\"tmm_scblock\"><\/div><\/div><\/div><span class=\"tmm_two_containers_tablet\"><\/span><\/div><span class=\"tmm_columns_containers_desktop\"><\/span><div class=\"tmm_container\"><div class=\"tmm_member\" style=\"border-top:#333333 solid 5px;\"><div class=\"tmm_photo tmm_pic_gfrs_6\" style=\"background: url(https:\/\/www.sclerodermie.net\/wp-content\/uploads\/2024\/09\/IMG-20241005-WA0000.jpg); margin-left: auto; margin-right:auto; background-size:cover !important;\"><\/div><div class=\"tmm_textblock\"><div class=\"tmm_names\"><span class=\"tmm_fname\">Pr Christelle<\/span> <span class=\"tmm_lname\">Nguyen<\/span><\/div><div class=\"tmm_job\">Membre du CA<\/div><div class=\"tmm_desc\" style=\"text-align:\"><p><strong>MPR<\/strong> Hopital Cochin Paris<\/p><\/div><div class=\"tmm_scblock\"><\/div><\/div><\/div><div class=\"tmm_member\" style=\"border-top:#333333 solid 5px;\"><div class=\"tmm_photo tmm_pic_gfrs_7\" style=\"background: url(https:\/\/www.sclerodermie.net\/wp-content\/uploads\/2024\/09\/Gregory-Pugnet.png); margin-left: auto; margin-right:auto; background-size:cover !important;\"><\/div><div class=\"tmm_textblock\"><div class=\"tmm_names\"><span class=\"tmm_fname\">Pr Gr\u00e9gory<\/span> <span class=\"tmm_lname\">Pugnet<\/span><\/div><div class=\"tmm_job\">Membre du CA et du conseil scientifique<\/div><div class=\"tmm_desc\" style=\"text-align:\"><p><strong>Interniste\u00a0 <\/strong>CHU Toulouse Purpan<\/p><\/div><div class=\"tmm_scblock\"><\/div><\/div><\/div><span class=\"tmm_two_containers_tablet\"><\/span><div class=\"tmm_member\" style=\"border-top:#333333 solid 5px;\"><div class=\"tmm_photo tmm_pic_gfrs_8\" style=\"background: url(https:\/\/www.sclerodermie.net\/wp-content\/uploads\/2024\/09\/PHOTO-C-AGARD-102024-scaled.jpg); margin-left: auto; margin-right:auto; background-size:cover !important;\"><\/div><div class=\"tmm_textblock\"><div class=\"tmm_names\"><span class=\"tmm_fname\">Pr Christian<\/span> <span class=\"tmm_lname\">Agard<\/span><\/div><div class=\"tmm_job\">Membre du CA<\/div><div class=\"tmm_desc\" style=\"text-align:\"><p><strong>Interniste<\/strong> H\u00f4tel-Dieu, CHU Nantes<\/p><\/div><div class=\"tmm_scblock\"><\/div><\/div><\/div><\/div><span class=\"tmm_columns_containers_desktop\"><\/span><div class=\"tmm_container\"><div class=\"tmm_member\" style=\"border-top:#333333 solid 5px;\"><div class=\"tmm_photo tmm_pic_gfrs_9\" style=\"background: url(https:\/\/www.sclerodermie.net\/wp-content\/uploads\/2024\/09\/14012020-MartinThierry2.jpeg); margin-left: auto; margin-right:auto; background-size:cover !important;\"><\/div><div class=\"tmm_textblock\"><div class=\"tmm_names\"><span class=\"tmm_fname\">Pr Thierry<\/span> <span class=\"tmm_lname\">Martin<\/span><\/div><div class=\"tmm_job\">Membre du CA et du conseil scientifique<\/div><div class=\"tmm_desc\" style=\"text-align:\"><p><strong>Interniste<\/strong> CHU Strasbourg<\/p><\/div><div class=\"tmm_scblock\"><\/div><\/div><\/div><span class=\"tmm_two_containers_tablet\"><\/span><div class=\"tmm_member\" style=\"border-top:#333333 solid 5px;\"><div class=\"tmm_photo tmm_pic_gfrs_10\" style=\"background: url(https:\/\/www.sclerodermie.net\/wp-content\/uploads\/2024\/09\/Diapositive1.jpg); margin-left: auto; margin-right:auto; background-size:cover !important;\"><\/div><div class=\"tmm_textblock\"><div class=\"tmm_names\"><span class=\"tmm_fname\">Pr Ars\u00e8ne<\/span> <span class=\"tmm_lname\">Mekinian<\/span><\/div><div class=\"tmm_job\">Membre du CA et du conseil scientifique<\/div><div class=\"tmm_desc\" style=\"text-align:\"><p><strong>Interniste<\/strong> H\u00f4pital Saint-Antoine, AP-HP.Sorbonne Universit\u00e9 Paris<\/p><\/div><div class=\"tmm_scblock\"><\/div><\/div><\/div><div class=\"tmm_member\" style=\"border-top:#333333 solid 5px;\"><div class=\"tmm_photo tmm_pic_gfrs_11\" style=\"background: url(https:\/\/www.sclerodermie.net\/wp-content\/uploads\/2024\/09\/Audrey-BENYAMINE-scaled.jpg); margin-left: auto; margin-right:auto; background-size:cover !important;\"><\/div><div class=\"tmm_textblock\"><div class=\"tmm_names\"><span class=\"tmm_fname\">Dr Audrey<\/span> <span class=\"tmm_lname\">Benyamine<\/span><\/div><div class=\"tmm_job\">Membre du CA<\/div><div class=\"tmm_desc\" style=\"text-align:\"><p><strong>Interniste<\/strong> CHU Marseille nord<\/p><\/div><div class=\"tmm_scblock\"><\/div><\/div><\/div><span class=\"tmm_two_containers_tablet\"><\/span><\/div><span class=\"tmm_columns_containers_desktop\"><\/span><div class=\"tmm_container\"><div class=\"tmm_member\" style=\"border-top:#333333 solid 5px;\"><div class=\"tmm_photo tmm_pic_gfrs_12\" style=\"background: url(https:\/\/www.sclerodermie.net\/wp-content\/uploads\/2024\/09\/Brigitte-GRANEL.jpeg); margin-left: auto; margin-right:auto; background-size:cover !important;\"><\/div><div class=\"tmm_textblock\"><div class=\"tmm_names\"><span class=\"tmm_fname\">Pr Brigitte<\/span> <span class=\"tmm_lname\">Granel<\/span><\/div><div class=\"tmm_job\">Membre du CA et du conseil scientifique<\/div><div class=\"tmm_desc\" style=\"text-align:\"><p><strong>Interniste<\/strong> CHU Marseille<\/p><\/div><div class=\"tmm_scblock\"><\/div><\/div><\/div><div class=\"tmm_member\" style=\"border-top:#333333 solid 5px;\"><div class=\"tmm_photo tmm_pic_gfrs_13\" style=\"background: url(https:\/\/www.sclerodermie.net\/wp-content\/uploads\/2024\/09\/Nathalie-LAMBERT-scaled.jpg); margin-left: auto; margin-right:auto; background-size:cover !important;\"><\/div><div class=\"tmm_textblock\"><div class=\"tmm_names\"><span class=\"tmm_fname\">Dr Nathalie<\/span> <span class=\"tmm_lname\">Lambert<\/span><\/div><div class=\"tmm_job\">Membre du CA et du conseil scientifique<\/div><div class=\"tmm_desc\" style=\"text-align:\"><p><strong>Directrice de recherche INSERM<\/strong><\/p><\/div><div class=\"tmm_scblock\"><\/div><\/div><\/div><span class=\"tmm_two_containers_tablet\"><\/span><div class=\"tmm_member\" style=\"border-top:#333333 solid 5px;\"><div class=\"tmm_photo tmm_pic_gfrs_14\" style=\"background: url(https:\/\/www.sclerodermie.net\/wp-content\/uploads\/2024\/09\/Anna-Solanilla-rotated.jpeg); margin-left: auto; margin-right:auto; background-size:cover !important;\"><\/div><div class=\"tmm_textblock\"><div class=\"tmm_names\"><span class=\"tmm_fname\">Dr Anna<\/span> <span class=\"tmm_lname\">Solanilla<\/span><\/div><div class=\"tmm_job\">Membre du CA<\/div><div class=\"tmm_scblock\"><\/div><\/div><\/div><\/div><span class=\"tmm_columns_containers_desktop\"><\/span><div class=\"tmm_container\"><div class=\"tmm_member\" style=\"border-top:#333333 solid 5px;\"><div class=\"tmm_photo tmm_pic_gfrs_15\" style=\"background: url(https:\/\/www.sclerodermie.net\/wp-content\/uploads\/2024\/09\/Benjamin-Thoreau-1.jpeg); margin-left: auto; margin-right:auto; background-size:cover !important;\"><\/div><div class=\"tmm_textblock\"><div class=\"tmm_names\"><span class=\"tmm_fname\">Dr Benjamin<\/span> <span class=\"tmm_lname\">Thoreau<\/span><\/div><div class=\"tmm_job\">Membre du CA<\/div><div class=\"tmm_scblock\"><\/div><\/div><\/div><span class=\"tmm_two_containers_tablet\"><\/span><div class=\"tmm_member\" style=\"border-top:#333333 solid 5px;\"><div class=\"tmm_photo tmm_pic_gfrs_16\" style=\"background: url(https:\/\/www.sclerodermie.net\/wp-content\/uploads\/2024\/09\/Image-Bernard-Imbert.jpg); margin-left: auto; margin-right:auto; background-size:cover !important;\"><\/div><div class=\"tmm_textblock\"><div class=\"tmm_names\"><span class=\"tmm_fname\">Dr Bernard<\/span> <span class=\"tmm_lname\">Imbert<\/span><\/div><div class=\"tmm_job\">Membre du CA<\/div><div class=\"tmm_scblock\"><\/div><\/div><\/div><div class=\"tmm_member\" style=\"border-top:#333333 solid 5px;\"><div class=\"tmm_photo tmm_pic_gfrs_17\" style=\"background: url(https:\/\/www.sclerodermie.net\/wp-content\/uploads\/2024\/09\/Luc-Mouthon.png); margin-left: auto; margin-right:auto; background-size:cover !important;\"><\/div><div class=\"tmm_textblock\"><div class=\"tmm_names\"><span class=\"tmm_fname\">Pr Luc<\/span> <span class=\"tmm_lname\">Mouthon<\/span><\/div><div class=\"tmm_job\">Membre du CA<\/div><div class=\"tmm_scblock\"><\/div><\/div><\/div><span class=\"tmm_two_containers_tablet\"><\/span><\/div><span class=\"tmm_columns_containers_desktop\"><\/span><div class=\"tmm_container\"><div class=\"tmm_member\" style=\"border-top:#333333 solid 5px;\"><div class=\"tmm_photo tmm_pic_gfrs_18\" style=\"background: url(https:\/\/www.sclerodermie.net\/wp-content\/uploads\/2024\/09\/Yurdagul.jpg); margin-left: auto; margin-right:auto; background-size:cover !important;\"><\/div><div class=\"tmm_textblock\"><div class=\"tmm_names\"><span class=\"tmm_fname\">Pr Yurdag\u00fcl<\/span> <span class=\"tmm_lname\">Uzunhan<\/span><\/div><div class=\"tmm_job\">Membre du CA<\/div><div class=\"tmm_scblock\"><\/div><\/div><\/div><div class=\"tmm_member\" style=\"border-top:#333333 solid 5px;\"><div class=\"tmm_photo tmm_pic_gfrs_19\" style=\"background: url(https:\/\/www.sclerodermie.net\/wp-content\/uploads\/2024\/09\/Laurence-Michel.jpg); margin-left: auto; margin-right:auto; background-size:cover !important;\"><\/div><div class=\"tmm_textblock\"><div class=\"tmm_names\"><span class=\"tmm_fname\">Dr Laurence<\/span> <span class=\"tmm_lname\">Michel<\/span><\/div><div class=\"tmm_job\">Membre du CA<\/div><div class=\"tmm_scblock\"><\/div><\/div><\/div><div style=\"clear:both;\"><\/div><\/div><\/div><\/div>\n\n\n\n<p>Organigramme du GFRS<\/p>\n\n\n\n<p>Le Bureau du GFRS<\/p>\n\n\n\n<p>&nbsp; Le bureau du GFRS (\u00c9lu le 3 f\u00e9vrier 2023)<\/p>\n\n\n\n<ul class=\"wp-block-list\">\n<li><strong>Pr David Launay<\/strong>&nbsp;(CHU Lille), Pr\u00e9sident<\/li>\n\n\n\n<li><strong>Dr Benjamin Chaigne <\/strong>(H\u00f4pital Cochin, Paris), Vice-Pr\u00e9sident<\/li>\n\n\n\n<li><strong>Pr Christelle Nguyen<\/strong>&nbsp;(H\u00f4pital Cochin, Paris), Secr\u00e9taire<\/li>\n\n\n\n<li><strong>Dr Claire de Moreuil<\/strong>&nbsp;(CHU Brest), Tr\u00e9sori\u00e8re<\/li>\n<\/ul>\n\n\n\n<p><em>Le nouveau Bureau&nbsp;remercie les \u00e9lecteurs.<\/em><\/p>\n\n\n\n<p>&nbsp; Le Conseil d\u2019Administration du GFRS<\/p>\n\n\n\n<p>Le Conseil d\u2019Administration du GFRS a \u00e9t\u00e9 renouvel\u00e9 du tiers le 5 janvier 2023 par les adh\u00e9rents par un vote en ligne.<\/p>\n\n\n\n<ul class=\"wp-block-list\">\n<li><strong>Pr C. Agard<\/strong>&nbsp;\u2013 H\u00f4tel-Dieu, CHU Nantes<\/li>\n\n\n\n<li><strong>Dr A<\/strong>. <strong>Benyamine <\/strong>\u2013 H\u00f4pitaux Nord de Marseille<\/li>\n\n\n\n<li><strong>Dr B. Chaigne <\/strong>\u2013 H\u00f4pital Cochin, AP-HP.Centre-UPCit\u00e9<\/li>\n\n\n\n<li><strong>Dr Claire de Moreuil <\/strong>\u2013<strong> <\/strong>H\u00f4pital de la Cavale Blanche, CHU Brest<\/li>\n\n\n\n<li><strong>Dr <\/strong><strong>\u00c9<\/strong><strong>. Diot <\/strong>\u2013<strong>&nbsp;<\/strong>H\u00f4pital Bretonneau, CHRU Tours<\/li>\n\n\n\n<li><strong>Pr B. Granel<\/strong>&nbsp;\u2013 H\u00f4pitaux Nord de Marseille<\/li>\n\n\n\n<li><strong>Dr B. Imbert<\/strong>&nbsp;\u2013 CHU Grenoble Alpes<\/li>\n\n\n\n<li><strong>Dr N. Lambert<\/strong>&nbsp;\u2013 INSERM UMR 1097, Aix-Marseille Universit\u00e9<\/li>\n\n\n\n<li><strong>Pr D. Launay<\/strong>&nbsp;\u2013 H\u00f4pital Claude Huriez, CHRU Lille<\/li>\n\n\n\n<li><strong>Pr T. Martin<\/strong>&nbsp;\u2013 CHRU Strasbourg<\/li>\n\n\n\n<li><strong>Pr Ars\u00e8ne Mekinian <\/strong>\u2013 H\u00f4pital Saint-Antoine, AP-HP.Sorbonne Universit\u00e9<\/li>\n\n\n\n<li><strong>Dr L. Michel<\/strong>&nbsp;\u2013 INSERM UMR 976, UPCit\u00e9<\/li>\n\n\n\n<li><strong>Pr L. Mouthon<\/strong>&nbsp;\u2013 H\u00f4pital Cochin, AP-HP.Centre-UPCit\u00e9<\/li>\n\n\n\n<li><strong>Pr C. Nguyen&nbsp;<\/strong>\u2013 H\u00f4pital Cochin, AP-HP.Centre-UPCit\u00e9&nbsp;<\/li>\n\n\n\n<li><strong>Pr Gr\u00e9gory Pugnet <\/strong>\u2013 H\u00f4pital Rangueil, CHU Toulouse Purpan, Toulouse,<\/li>\n\n\n\n<li><strong>Dr A. Solanilla <\/strong>\u2013<strong>&nbsp;<\/strong>Clinique Mutualiste du M\u00e9doc<\/li>\n\n\n\n<li><strong>Pr Y. Uzunhan<\/strong> \u2013 H\u00f4pital Avicenne, AP-HP.H\u00f4pitaux Universitaires Paris Seine Saint-Denis<\/li>\n<\/ul>\n\n\n\n<p>Membres du conseil scientifique du GFRS<\/p>\n\n\n\n<ul class=\"wp-block-list\">\n<li><strong>Dr B. Chaigne&nbsp;<\/strong>\u2013 H\u00f4pital Cochin, AP-HP.Centre-UPCit\u00e9&nbsp;<\/li>\n\n\n\n<li><strong>Dr C. Contin-Bordes<\/strong> \u2013 CHU Bordeaux<\/li>\n\n\n\n<li><strong>Dr L. Friedlander <\/strong>\u2013 H\u00f4pital de la Piti\u00e9 Salp\u00eatri\u00e8re, AP-HP&nbsp;<\/li>\n\n\n\n<li><strong>Pr B. Granel<\/strong>&nbsp;\u2013 H\u00f4pitaux Nord de Marseille<\/li>\n\n\n\n<li><strong>Pr Ars\u00e8ne Mekinian <\/strong>\u2013 H\u00f4pital Saint-Antoine, AP-HP.Sorbonne Universit\u00e9<\/li>\n\n\n\n<li><strong>Dr N. Lambert<\/strong>&nbsp;\u2013 INSERM UMR 1097, Aix-Marseille Universit\u00e9<\/li>\n\n\n\n<li><strong>Pr D. Launay<\/strong>&nbsp;\u2013 H\u00f4pital Claude Huriez, CHRU Lille<\/li>\n\n\n\n<li><strong>Dr V. Lecureur <\/strong>\u2013 INSERM UMR 1085, Universit\u00e9 de Rennes 1<\/li>\n\n\n\n<li><strong>Dr Alexandre Maria<\/strong>&nbsp;\u2013 CHU Montpellier<\/li>\n\n\n\n<li><strong>Pr Thierry Martin<\/strong>&nbsp;\u2013 CHU Strasbourg<\/li>\n\n\n\n<li><strong>Dr Laurence Michel<\/strong>&nbsp;\u2013 INSERM UMR 976, UPCit\u00e9&nbsp;<\/li>\n\n\n\n<li><strong>Pr Gr\u00e9gory Pugnet <\/strong>\u2013 H\u00f4pital Rangueil, CHU Toulouse Purpan, Toulouse,<\/li>\n\n\n\n<li><strong>Pr Y. Uzunhan<\/strong> \u2013 H\u00f4pital Avicenne, AP-HP.H\u00f4pitaux Universitaires Paris Seine Saint-Denis<\/li>\n<\/ul>\n\n\n\n<p><\/p>\n","protected":false},"excerpt":{"rendered":"<p>Les membres du GFRS : Organigramme du GFRS Le Bureau du GFRS &nbsp; Le bureau du GFRS (\u00c9lu le 3 f\u00e9vrier 2023) Le nouveau Bureau&nbsp;remercie les \u00e9lecteurs. &nbsp; Le Conseil [&hellip;]<\/p>\n","protected":false},"author":1,"featured_media":0,"parent":0,"menu_order":0,"comment_status":"closed","ping_status":"closed","template":"","meta":{"ngg_post_thumbnail":0,"footnotes":""},"class_list":["post-121","page","type-page","status-publish","hentry","entry"],"_links":{"self":[{"href":"https:\/\/www.sclerodermie.net\/index.php\/wp-json\/wp\/v2\/pages\/121","targetHints":{"allow":["GET"]}}],"collection":[{"href":"https:\/\/www.sclerodermie.net\/index.php\/wp-json\/wp\/v2\/pages"}],"about":[{"href":"https:\/\/www.sclerodermie.net\/index.php\/wp-json\/wp\/v2\/types\/page"}],"author":[{"embeddable":true,"href":"https:\/\/www.sclerodermie.net\/index.php\/wp-json\/wp\/v2\/users\/1"}],"replies":[{"embeddable":true,"href":"https:\/\/www.sclerodermie.net\/index.php\/wp-json\/wp\/v2\/comments?post=121"}],"version-history":[{"count":3,"href":"https:\/\/www.sclerodermie.net\/index.php\/wp-json\/wp\/v2\/pages\/121\/revisions"}],"predecessor-version":[{"id":168,"href":"https:\/\/www.sclerodermie.net\/index.php\/wp-json\/wp\/v2\/pages\/121\/revisions\/168"}],"wp:attachment":[{"href":"https:\/\/www.sclerodermie.net\/index.php\/wp-json\/wp\/v2\/media?parent=121"}],"curies":[{"name":"wp","href":"https:\/\/api.w.org\/{rel}","templated":true}]}}